{"id":943,"date":"2026-04-02T20:09:48","date_gmt":"2026-04-02T18:09:48","guid":{"rendered":"https:\/\/pad-mainz.de\/?page_id=943"},"modified":"2026-04-02T20:27:15","modified_gmt":"2026-04-02T18:27:15","slug":"location","status":"publish","type":"page","link":"https:\/\/pad-mainz.de\/en\/location\/","title":{"rendered":"LOCATIONS"},"content":{"rendered":"<p>&nbsp;<\/p>\n<p><img decoding=\"async\" class=\"size-medium wp-image-946\" src=\"https:\/\/pad-mainz.de\/wp-content\/uploads\/2026\/04\/padAussenneu1-2-300x225.jpg\" alt=\"\" width=\"300\" height=\"225\" srcset=\"https:\/\/pad-mainz.de\/wp-content\/uploads\/2026\/04\/padAussenneu1-2-16x12.jpg 16w, https:\/\/pad-mainz.de\/wp-content\/uploads\/2026\/04\/padAussenneu1-2-200x150.jpg 200w, https:\/\/pad-mainz.de\/wp-content\/uploads\/2026\/04\/padAussenneu1-2-300x225.jpg 300w, https:\/\/pad-mainz.de\/wp-content\/uploads\/2026\/04\/padAussenneu1-2-400x300.jpg 400w, https:\/\/pad-mainz.de\/wp-content\/uploads\/2026\/04\/padAussenneu1-2-600x450.jpg 600w, https:\/\/pad-mainz.de\/wp-content\/uploads\/2026\/04\/padAussenneu1-2-768x576.jpg 768w, https:\/\/pad-mainz.de\/wp-content\/uploads\/2026\/04\/padAussenneu1-2-800x600.jpg 800w, https:\/\/pad-mainz.de\/wp-content\/uploads\/2026\/04\/padAussenneu1-2-1024x768.jpg 1024w, https:\/\/pad-mainz.de\/wp-content\/uploads\/2026\/04\/padAussenneu1-2-1200x900.jpg 1200w, https:\/\/pad-mainz.de\/wp-content\/uploads\/2026\/04\/padAussenneu1-2-1536x1152.jpg 1536w\" sizes=\"(max-width: 300px) 100vw, 300px\" \/><\/p>\n<p><img decoding=\"async\" class=\"size-medium wp-image-953\" src=\"https:\/\/pad-mainz.de\/wp-content\/uploads\/2026\/04\/padAussenneu1-1-300x225.jpg\" alt=\"\" width=\"300\" height=\"225\" srcset=\"https:\/\/pad-mainz.de\/wp-content\/uploads\/2026\/04\/padAussenneu1-1-16x12.jpg 16w, https:\/\/pad-mainz.de\/wp-content\/uploads\/2026\/04\/padAussenneu1-1-200x150.jpg 200w, https:\/\/pad-mainz.de\/wp-content\/uploads\/2026\/04\/padAussenneu1-1-300x225.jpg 300w, https:\/\/pad-mainz.de\/wp-content\/uploads\/2026\/04\/padAussenneu1-1-400x300.jpg 400w, https:\/\/pad-mainz.de\/wp-content\/uploads\/2026\/04\/padAussenneu1-1-600x450.jpg 600w, https:\/\/pad-mainz.de\/wp-content\/uploads\/2026\/04\/padAussenneu1-1-768x576.jpg 768w, https:\/\/pad-mainz.de\/wp-content\/uploads\/2026\/04\/padAussenneu1-1-800x600.jpg 800w, https:\/\/pad-mainz.de\/wp-content\/uploads\/2026\/04\/padAussenneu1-1-1024x768.jpg 1024w, https:\/\/pad-mainz.de\/wp-content\/uploads\/2026\/04\/padAussenneu1-1-1200x900.jpg 1200w, https:\/\/pad-mainz.de\/wp-content\/uploads\/2026\/04\/padAussenneu1-1-1536x1152.jpg 1536w\" sizes=\"(max-width: 300px) 100vw, 300px\" \/><\/p>\n<p><img decoding=\"async\" class=\"alignnone size-medium wp-image-950\" src=\"https:\/\/pad-mainz.de\/wp-content\/uploads\/2026\/04\/20140214_180757-300x225.jpg\" alt=\"\" width=\"300\" height=\"225\" srcset=\"https:\/\/pad-mainz.de\/wp-content\/uploads\/2026\/04\/20140214_180757-16x12.jpg 16w, https:\/\/pad-mainz.de\/wp-content\/uploads\/2026\/04\/20140214_180757-200x150.jpg 200w, https:\/\/pad-mainz.de\/wp-content\/uploads\/2026\/04\/20140214_180757-300x225.jpg 300w, https:\/\/pad-mainz.de\/wp-content\/uploads\/2026\/04\/20140214_180757-400x300.jpg 400w, https:\/\/pad-mainz.de\/wp-content\/uploads\/2026\/04\/20140214_180757-600x450.jpg 600w, https:\/\/pad-mainz.de\/wp-content\/uploads\/2026\/04\/20140214_180757-768x576.jpg 768w, https:\/\/pad-mainz.de\/wp-content\/uploads\/2026\/04\/20140214_180757-800x600.jpg 800w, https:\/\/pad-mainz.de\/wp-content\/uploads\/2026\/04\/20140214_180757-1024x768.jpg 1024w, https:\/\/pad-mainz.de\/wp-content\/uploads\/2026\/04\/20140214_180757-1200x900.jpg 1200w, https:\/\/pad-mainz.de\/wp-content\/uploads\/2026\/04\/20140214_180757-1536x1152.jpg 1536w\" sizes=\"(max-width: 300px) 100vw, 300px\" \/><\/p>\n<p>&nbsp;<\/p>\n<p><img decoding=\"async\" class=\"alignnone size-medium wp-image-949\" src=\"https:\/\/pad-mainz.de\/wp-content\/uploads\/2026\/04\/20140214_180554-300x225.jpg\" alt=\"\" width=\"300\" height=\"225\" srcset=\"https:\/\/pad-mainz.de\/wp-content\/uploads\/2026\/04\/20140214_180554-16x12.jpg 16w, https:\/\/pad-mainz.de\/wp-content\/uploads\/2026\/04\/20140214_180554-200x150.jpg 200w, https:\/\/pad-mainz.de\/wp-content\/uploads\/2026\/04\/20140214_180554-300x225.jpg 300w, https:\/\/pad-mainz.de\/wp-content\/uploads\/2026\/04\/20140214_180554-400x300.jpg 400w, https:\/\/pad-mainz.de\/wp-content\/uploads\/2026\/04\/20140214_180554-600x450.jpg 600w, https:\/\/pad-mainz.de\/wp-content\/uploads\/2026\/04\/20140214_180554-768x576.jpg 768w, https:\/\/pad-mainz.de\/wp-content\/uploads\/2026\/04\/20140214_180554-800x600.jpg 800w, https:\/\/pad-mainz.de\/wp-content\/uploads\/2026\/04\/20140214_180554-1024x768.jpg 1024w, https:\/\/pad-mainz.de\/wp-content\/uploads\/2026\/04\/20140214_180554-1200x900.jpg 1200w, https:\/\/pad-mainz.de\/wp-content\/uploads\/2026\/04\/20140214_180554-1536x1152.jpg 1536w\" sizes=\"(max-width: 300px) 100vw, 300px\" \/><\/p>\n<p><img decoding=\"async\" class=\"alignnone size-medium wp-image-945\" src=\"https:\/\/pad-mainz.de\/wp-content\/uploads\/2026\/04\/Festival-2011-Foyer-cut-300x213.jpg\" alt=\"\" width=\"300\" height=\"213\" srcset=\"https:\/\/pad-mainz.de\/wp-content\/uploads\/2026\/04\/Festival-2011-Foyer-cut-18x12.jpg 18w, https:\/\/pad-mainz.de\/wp-content\/uploads\/2026\/04\/Festival-2011-Foyer-cut-200x142.jpg 200w, https:\/\/pad-mainz.de\/wp-content\/uploads\/2026\/04\/Festival-2011-Foyer-cut-300x214.jpg 300w, https:\/\/pad-mainz.de\/wp-content\/uploads\/2026\/04\/Festival-2011-Foyer-cut-400x283.jpg 400w, https:\/\/pad-mainz.de\/wp-content\/uploads\/2026\/04\/Festival-2011-Foyer-cut-600x425.jpg 600w, https:\/\/pad-mainz.de\/wp-content\/uploads\/2026\/04\/Festival-2011-Foyer-cut-768x544.jpg 768w, https:\/\/pad-mainz.de\/wp-content\/uploads\/2026\/04\/Festival-2011-Foyer-cut-800x567.jpg 800w, https:\/\/pad-mainz.de\/wp-content\/uploads\/2026\/04\/Festival-2011-Foyer-cut.jpg 864w\" sizes=\"(max-width: 300px) 100vw, 300px\" \/><\/p>\n<p><img decoding=\"async\" class=\"alignnone size-medium wp-image-952\" src=\"https:\/\/pad-mainz.de\/wp-content\/uploads\/2026\/04\/20160407_204100-300x169.jpg\" alt=\"\" width=\"300\" height=\"169\" srcset=\"https:\/\/pad-mainz.de\/wp-content\/uploads\/2026\/04\/20160407_204100-18x10.jpg 18w, https:\/\/pad-mainz.de\/wp-content\/uploads\/2026\/04\/20160407_204100-200x113.jpg 200w, https:\/\/pad-mainz.de\/wp-content\/uploads\/2026\/04\/20160407_204100-300x169.jpg 300w, https:\/\/pad-mainz.de\/wp-content\/uploads\/2026\/04\/20160407_204100-400x225.jpg 400w, https:\/\/pad-mainz.de\/wp-content\/uploads\/2026\/04\/20160407_204100-600x338.jpg 600w, https:\/\/pad-mainz.de\/wp-content\/uploads\/2026\/04\/20160407_204100-768x432.jpg 768w, https:\/\/pad-mainz.de\/wp-content\/uploads\/2026\/04\/20160407_204100-800x450.jpg 800w, https:\/\/pad-mainz.de\/wp-content\/uploads\/2026\/04\/20160407_204100-1024x576.jpg 1024w, https:\/\/pad-mainz.de\/wp-content\/uploads\/2026\/04\/20160407_204100-1200x675.jpg 1200w, https:\/\/pad-mainz.de\/wp-content\/uploads\/2026\/04\/20160407_204100-1536x864.jpg 1536w\" sizes=\"(max-width: 300px) 100vw, 300px\" \/><\/p>\n<p><img decoding=\"async\" class=\"alignnone size-medium wp-image-947\" src=\"https:\/\/pad-mainz.de\/wp-content\/uploads\/2026\/04\/Buehne2-300x225.jpg\" alt=\"\" width=\"300\" height=\"225\" srcset=\"https:\/\/pad-mainz.de\/wp-content\/uploads\/2026\/04\/Buehne2-16x12.jpg 16w, https:\/\/pad-mainz.de\/wp-content\/uploads\/2026\/04\/Buehne2-200x150.jpg 200w, https:\/\/pad-mainz.de\/wp-content\/uploads\/2026\/04\/Buehne2-300x225.jpg 300w, https:\/\/pad-mainz.de\/wp-content\/uploads\/2026\/04\/Buehne2-400x300.jpg 400w, https:\/\/pad-mainz.de\/wp-content\/uploads\/2026\/04\/Buehne2-600x450.jpg 600w, https:\/\/pad-mainz.de\/wp-content\/uploads\/2026\/04\/Buehne2-768x576.jpg 768w, https:\/\/pad-mainz.de\/wp-content\/uploads\/2026\/04\/Buehne2-800x600.jpg 800w, https:\/\/pad-mainz.de\/wp-content\/uploads\/2026\/04\/Buehne2.jpg 1000w\" sizes=\"(max-width: 300px) 100vw, 300px\" \/><\/p>\n<p><img decoding=\"async\" class=\"alignnone size-medium wp-image-948\" src=\"https:\/\/pad-mainz.de\/wp-content\/uploads\/2026\/04\/Buehne1-300x225.jpg\" alt=\"\" width=\"300\" height=\"225\" srcset=\"https:\/\/pad-mainz.de\/wp-content\/uploads\/2026\/04\/Buehne1-16x12.jpg 16w, https:\/\/pad-mainz.de\/wp-content\/uploads\/2026\/04\/Buehne1-200x150.jpg 200w, https:\/\/pad-mainz.de\/wp-content\/uploads\/2026\/04\/Buehne1-300x225.jpg 300w, https:\/\/pad-mainz.de\/wp-content\/uploads\/2026\/04\/Buehne1-400x300.jpg 400w, https:\/\/pad-mainz.de\/wp-content\/uploads\/2026\/04\/Buehne1-600x450.jpg 600w, https:\/\/pad-mainz.de\/wp-content\/uploads\/2026\/04\/Buehne1-768x576.jpg 768w, https:\/\/pad-mainz.de\/wp-content\/uploads\/2026\/04\/Buehne1-800x600.jpg 800w, https:\/\/pad-mainz.de\/wp-content\/uploads\/2026\/04\/Buehne1.jpg 1000w\" sizes=\"(max-width: 300px) 100vw, 300px\" \/> \u00a0 Von 2007 bis 2019 war das pad in einem 600qm gro\u00dfen Keller in einem Mietshaus in der Leibnizstra\u00dfe in der Mainzer Neustadt, der von den privaten Eigent\u00fcmern lediglich gegen Zahlung von Betriebskosten zur Verf\u00fcgung gestellt wurde. Das pad hatte einen ebenerdigen Eingang \u00fcber einen kleinen Laden und im UG gab es eine gro\u00dfe B\u00fchne, ein gro\u00dfes gem\u00fctliches Foyer mit Sesseln und Sofas, Toiletten, Werkraum, Kost\u00fcmfundus, B\u00fcros, eine Garderobenecke und eine Dusche. Das pad war ein kleines aber voll eingerichtetes und komplett ausgestattetes Theater.<\/p>\n<p>Im Jahr 2020 musste das pad ausziehen, da das Geb\u00e4ude verkauft wurde. Hier ein passender Link zu einem <a href=\"https:\/\/sensor-magazin.de\/obdachlose-kunst-das-pad-und-bernd-thewes-weichen-der-gentrifizierung\/\" target=\"_blank\" rel=\"noopener\">Presseartikel<\/a>.<\/p>\n<p><img decoding=\"async\" class=\"size-medium wp-image-956\" src=\"https:\/\/pad-mainz.de\/wp-content\/uploads\/2026\/04\/IMG_20200701_171135-225x300.jpg\" alt=\"\" width=\"225\" height=\"300\" srcset=\"https:\/\/pad-mainz.de\/wp-content\/uploads\/2026\/04\/IMG_20200701_171135-9x12.jpg 9w, https:\/\/pad-mainz.de\/wp-content\/uploads\/2026\/04\/IMG_20200701_171135-200x267.jpg 200w, https:\/\/pad-mainz.de\/wp-content\/uploads\/2026\/04\/IMG_20200701_171135-225x300.jpg 225w, https:\/\/pad-mainz.de\/wp-content\/uploads\/2026\/04\/IMG_20200701_171135-400x533.jpg 400w, https:\/\/pad-mainz.de\/wp-content\/uploads\/2026\/04\/IMG_20200701_171135-600x800.jpg 600w, https:\/\/pad-mainz.de\/wp-content\/uploads\/2026\/04\/IMG_20200701_171135-768x1024.jpg 768w, https:\/\/pad-mainz.de\/wp-content\/uploads\/2026\/04\/IMG_20200701_171135-800x1067.jpg 800w, https:\/\/pad-mainz.de\/wp-content\/uploads\/2026\/04\/IMG_20200701_171135-1152x1536.jpg 1152w, https:\/\/pad-mainz.de\/wp-content\/uploads\/2026\/04\/IMG_20200701_171135-1200x1600.jpg 1200w, https:\/\/pad-mainz.de\/wp-content\/uploads\/2026\/04\/IMG_20200701_171135-1536x2048.jpg 1536w, https:\/\/pad-mainz.de\/wp-content\/uploads\/2026\/04\/IMG_20200701_171135-scaled.jpg 1920w\" sizes=\"(max-width: 225px) 100vw, 225px\" \/><\/p>\n<p><img decoding=\"async\" class=\"size-medium wp-image-957\" src=\"https:\/\/pad-mainz.de\/wp-content\/uploads\/2026\/04\/IMG_20200701_171351-225x300.jpg\" alt=\"\" width=\"225\" height=\"300\" srcset=\"https:\/\/pad-mainz.de\/wp-content\/uploads\/2026\/04\/IMG_20200701_171351-9x12.jpg 9w, https:\/\/pad-mainz.de\/wp-content\/uploads\/2026\/04\/IMG_20200701_171351-200x267.jpg 200w, https:\/\/pad-mainz.de\/wp-content\/uploads\/2026\/04\/IMG_20200701_171351-225x300.jpg 225w, https:\/\/pad-mainz.de\/wp-content\/uploads\/2026\/04\/IMG_20200701_171351-400x533.jpg 400w, https:\/\/pad-mainz.de\/wp-content\/uploads\/2026\/04\/IMG_20200701_171351-600x800.jpg 600w, https:\/\/pad-mainz.de\/wp-content\/uploads\/2026\/04\/IMG_20200701_171351-768x1024.jpg 768w, https:\/\/pad-mainz.de\/wp-content\/uploads\/2026\/04\/IMG_20200701_171351-800x1067.jpg 800w, https:\/\/pad-mainz.de\/wp-content\/uploads\/2026\/04\/IMG_20200701_171351-1152x1536.jpg 1152w, https:\/\/pad-mainz.de\/wp-content\/uploads\/2026\/04\/IMG_20200701_171351-1200x1600.jpg 1200w, https:\/\/pad-mainz.de\/wp-content\/uploads\/2026\/04\/IMG_20200701_171351-1536x2048.jpg 1536w, https:\/\/pad-mainz.de\/wp-content\/uploads\/2026\/04\/IMG_20200701_171351-scaled.jpg 1920w\" sizes=\"(max-width: 225px) 100vw, 225px\" \/><\/p>\n<p>Nach dem Auszug konnte ein Proberaum in Mainz Finthen Layenhof und eine Probeb\u00fchne in Bad Kreuznach eingerichtet werden.<\/p>\n<p>&nbsp;<\/p>\n<p>Der Proberaum musste im Jahr 2025 aus finanziellen Gr\u00fcnden wieder abgegeben werden. Die B\u00fchne in Bad Kreuznach darf nun sogar f\u00fcr Auftritte verwendet werden.<\/p>","protected":false},"excerpt":{"rendered":"<p>&nbsp; &nbsp; \u00a0 Von 2007 bis 2019 war das pad [&hellip;]<\/p>\n","protected":false},"author":1,"featured_media":0,"parent":0,"menu_order":0,"comment_status":"closed","ping_status":"closed","template":"","meta":{"_bbp_topic_count":0,"_bbp_reply_count":0,"_bbp_total_topic_count":0,"_bbp_total_reply_count":0,"_bbp_voice_count":0,"_bbp_anonymous_reply_count":0,"_bbp_topic_count_hidden":0,"_bbp_reply_count_hidden":0,"_bbp_forum_subforum_count":0,"_monsterinsights_skip_tracking":false,"_monsterinsights_sitenote_active":false,"_monsterinsights_sitenote_note":"","_monsterinsights_sitenote_category":0,"footnotes":""},"class_list":["post-943","page","type-page","status-publish","hentry"],"_links":{"self":[{"href":"https:\/\/pad-mainz.de\/en\/wp-json\/wp\/v2\/pages\/943","targetHints":{"allow":["GET"]}}],"collection":[{"href":"https:\/\/pad-mainz.de\/en\/wp-json\/wp\/v2\/pages"}],"about":[{"href":"https:\/\/pad-mainz.de\/en\/wp-json\/wp\/v2\/types\/page"}],"author":[{"embeddable":true,"href":"https:\/\/pad-mainz.de\/en\/wp-json\/wp\/v2\/users\/1"}],"replies":[{"embeddable":true,"href":"https:\/\/pad-mainz.de\/en\/wp-json\/wp\/v2\/comments?post=943"}],"version-history":[{"count":5,"href":"https:\/\/pad-mainz.de\/en\/wp-json\/wp\/v2\/pages\/943\/revisions"}],"predecessor-version":[{"id":961,"href":"https:\/\/pad-mainz.de\/en\/wp-json\/wp\/v2\/pages\/943\/revisions\/961"}],"wp:attachment":[{"href":"https:\/\/pad-mainz.de\/en\/wp-json\/wp\/v2\/media?parent=943"}],"curies":[{"name":"wp","href":"https:\/\/api.w.org\/{rel}","templated":true}]}}